{"id":508,"date":"2021-09-13T17:45:14","date_gmt":"2021-09-13T20:45:14","guid":{"rendered":"https:\/\/aciima.com.br\/circuito\/?page_id=508"},"modified":"2021-10-11T12:56:00","modified_gmt":"2021-10-11T15:56:00","slug":"noticias","status":"publish","type":"page","link":"https:\/\/aciima.com.br\/circuito\/noticias\/","title":{"rendered":"Not\u00edcias"},"content":{"rendered":"\t\t<div data-elementor-type=\"wp-page\" data-elementor-id=\"508\" class=\"elementor elementor-508\" data-elementor-settings=\"[]\">\n\t\t\t\t\t\t<div class=\"elementor-inner\">\n\t\t\t\t\t\t\t<div class=\"elementor-section-wrap\">\n\t\t\t\t\t\t\t<section class=\"elementor-section elementor-top-section elementor-element elementor-element-37dbb906 elementor-section-height-min-height elementor-section-items-stretch elementor-section-boxed elementor-section-height-default\" data-id=\"37dbb906\" data-element_type=\"section\" data-settings=\"{&quot;background_background&quot;:&quot;classic&quot;}\">\n\t\t\t\t\t\t\t<div class=\"elementor-background-overlay\"><\/div>\n\t\t\t\t\t\t\t<div class=\"elementor-container elementor-column-gap-default\">\n\t\t\t\t\t\t\t<div class=\"elementor-row\">\n\t\t\t\t\t<div class=\"elementor-column elementor-col-33 elementor-top-column elementor-element elementor-element-3800623f\" data-id=\"3800623f\" data-element_type=\"column\" data-settings=\"{&quot;background_background&quot;:&quot;classic&quot;}\">\n\t\t\t<div class=\"elementor-column-wrap elementor-element-populated\">\n\t\t\t\t\t\t\t<div class=\"elementor-widget-wrap\">\n\t\t\t\t\t\t<div class=\"elementor-element elementor-element-ed3339f elementor-widget elementor-widget-heading\" data-id=\"ed3339f\" data-element_type=\"widget\" data-widget_type=\"heading.default\">\n\t\t\t\t<div class=\"elementor-widget-container\">\n\t\t\t<h2 class=\"elementor-heading-title elementor-size-default\">Not\u00edcias do Circuito<\/h2>\t\t<\/div>\n\t\t\t\t<\/div>\n\t\t\t\t\t\t<\/div>\n\t\t\t\t\t<\/div>\n\t\t<\/div>\n\t\t\t\t<div class=\"elementor-column elementor-col-33 elementor-top-column elementor-element elementor-element-5d1deb64\" data-id=\"5d1deb64\" data-element_type=\"column\">\n\t\t\t<div class=\"elementor-column-wrap\">\n\t\t\t\t\t\t\t<div class=\"elementor-widget-wrap\">\n\t\t\t\t\t\t\t\t<\/div>\n\t\t\t\t\t<\/div>\n\t\t<\/div>\n\t\t\t\t<div class=\"elementor-column elementor-col-33 elementor-top-column elementor-element elementor-element-9c83c87\" data-id=\"9c83c87\" data-element_type=\"column\">\n\t\t\t<div class=\"elementor-column-wrap elementor-element-populated\">\n\t\t\t\t\t\t\t<div class=\"elementor-widget-wrap\">\n\t\t\t\t\t\t<div class=\"elementor-element elementor-element-2c791811 elementor-widget elementor-widget-spacer\" data-id=\"2c791811\" data-element_type=\"widget\" data-widget_type=\"spacer.default\">\n\t\t\t\t<div class=\"elementor-widget-container\">\n\t\t\t\t\t<div class=\"elementor-spacer\">\n\t\t\t<div class=\"elementor-spacer-inner\"><\/div>\n\t\t<\/div>\n\t\t\t\t<\/div>\n\t\t\t\t<\/div>\n\t\t\t\t\t\t<\/div>\n\t\t\t\t\t<\/div>\n\t\t<\/div>\n\t\t\t\t\t\t\t\t<\/div>\n\t\t\t\t\t<\/div>\n\t\t<\/section>\n\t\t\t\t<section class=\"elementor-section elementor-top-section elementor-element elementor-element-adac0ff elementor-section-boxed elementor-section-height-default elementor-section-height-default\" data-id=\"adac0ff\" data-element_type=\"section\">\n\t\t\t\t\t\t<div class=\"elementor-container elementor-column-gap-default\">\n\t\t\t\t\t\t\t<div class=\"elementor-row\">\n\t\t\t\t\t<div class=\"elementor-column elementor-col-100 elementor-top-column elementor-element elementor-element-65ab3d4\" data-id=\"65ab3d4\" data-element_type=\"column\">\n\t\t\t<div class=\"elementor-column-wrap elementor-element-populated\">\n\t\t\t\t\t\t\t<div class=\"elementor-widget-wrap\">\n\t\t\t\t\t\t<div class=\"elementor-element elementor-element-4203c3d elementor-grid-3 elementor-grid-tablet-2 elementor-grid-mobile-1 elementor-posts--thumbnail-top elementor-card-shadow-yes elementor-posts__hover-gradient elementor-widget elementor-widget-posts\" data-id=\"4203c3d\" data-element_type=\"widget\" data-settings=\"{&quot;pagination_type&quot;:&quot;load_more_infinite_scroll&quot;,&quot;cards_columns&quot;:&quot;3&quot;,&quot;cards_columns_tablet&quot;:&quot;2&quot;,&quot;cards_columns_mobile&quot;:&quot;1&quot;,&quot;cards_row_gap&quot;:{&quot;unit&quot;:&quot;px&quot;,&quot;size&quot;:35,&quot;sizes&quot;:[]},&quot;load_more_spinner&quot;:{&quot;value&quot;:&quot;fas fa-spinner&quot;,&quot;library&quot;:&quot;fa-solid&quot;}}\" data-widget_type=\"posts.cards\">\n\t\t\t\t<div class=\"elementor-widget-container\">\n\t\t\t\t\t<div class=\"elementor-posts-container elementor-posts elementor-posts--skin-cards elementor-grid\">\n\t\t\t\t<article class=\"elementor-post elementor-grid-item post-2280 post type-post status-publish format-standard has-post-thumbnail hentry category-noticias\">\n\t\t\t<div class=\"elementor-post__card\">\n\t\t\t\t<a class=\"elementor-post__thumbnail__link\" href=\"https:\/\/aciima.com.br\/circuito\/mais-de-130-mil-pessoas-passaram-pelo-circuito-acii-de-negocios\/\" >\n\t\t\t<div class=\"elementor-post__thumbnail\"><img width=\"300\" height=\"200\" src=\"https:\/\/aciima.com.br\/circuito\/wp-content\/uploads\/2021\/10\/visitacao-de-estandes-2-300x200.jpg\" class=\"attachment-medium size-medium\" alt=\"\" loading=\"lazy\" srcset=\"https:\/\/aciima.com.br\/circuito\/wp-content\/uploads\/2021\/10\/visitacao-de-estandes-2-300x200.jpg 300w, https:\/\/aciima.com.br\/circuito\/wp-content\/uploads\/2021\/10\/visitacao-de-estandes-2-1024x683.jpg 1024w, https:\/\/aciima.com.br\/circuito\/wp-content\/uploads\/2021\/10\/visitacao-de-estandes-2-768x512.jpg 768w, https:\/\/aciima.com.br\/circuito\/wp-content\/uploads\/2021\/10\/visitacao-de-estandes-2-1536x1024.jpg 1536w, https:\/\/aciima.com.br\/circuito\/wp-content\/uploads\/2021\/10\/visitacao-de-estandes-2-2048x1365.jpg 2048w\" sizes=\"(max-width: 300px) 100vw, 300px\" \/><\/div>\n\t\t<\/a>\n\t\t\t\t<div class=\"elementor-post__text\">\n\t\t\t\t<h3 class=\"elementor-post__title\">\n\t\t\t<a href=\"https:\/\/aciima.com.br\/circuito\/mais-de-130-mil-pessoas-passaram-pelo-circuito-acii-de-negocios\/\" >\n\t\t\t\tMais de 130 mil pessoas passaram pelo Circuito ACII de Neg\u00f3cios\t\t\t<\/a>\n\t\t<\/h3>\n\t\t\t\t<div class=\"elementor-post__excerpt\">\n\t\t\t<p>De acordo com dados do sistema de contagem do Imperial Shopping, nos finais de semana e feriados a m\u00e9dia de p\u00fablico foi de 13 mil<\/p>\n\t\t<\/div>\n\t\t\t\t\t<a class=\"elementor-post__read-more\" href=\"https:\/\/aciima.com.br\/circuito\/mais-de-130-mil-pessoas-passaram-pelo-circuito-acii-de-negocios\/\" >\n\t\t\t\tLeia mais \u00bb\t\t\t<\/a>\n\t\t\t\t<\/div>\n\t\t\t\t<div class=\"elementor-post__meta-data\">\n\t\t\t\t\t<span class=\"elementor-post-date\">\n\t\t\t27 de outubro de 2021\t\t<\/span>\n\t\t\t\t<\/div>\n\t\t\t\t\t<\/div>\n\t\t<\/article>\n\t\t\t\t<article class=\"elementor-post elementor-grid-item post-2269 post type-post status-publish format-standard has-post-thumbnail hentry category-noticias\">\n\t\t\t<div class=\"elementor-post__card\">\n\t\t\t\t<a class=\"elementor-post__thumbnail__link\" href=\"https:\/\/aciima.com.br\/circuito\/suzano-ambev-ambipar-e-colgate-palmolive-se-unem-em-prol-da-sustentabilidade-para-projeto-de-coleta-e-reciclagem-de-residuos-pos-consumo\/\" >\n\t\t\t<div class=\"elementor-post__thumbnail\"><img width=\"300\" height=\"169\" src=\"https:\/\/aciima.com.br\/circuito\/wp-content\/uploads\/2021\/10\/Foto-1-2-300x169.jpg\" class=\"attachment-medium size-medium\" alt=\"\" loading=\"lazy\" srcset=\"https:\/\/aciima.com.br\/circuito\/wp-content\/uploads\/2021\/10\/Foto-1-2-300x169.jpg 300w, https:\/\/aciima.com.br\/circuito\/wp-content\/uploads\/2021\/10\/Foto-1-2-1024x576.jpg 1024w, https:\/\/aciima.com.br\/circuito\/wp-content\/uploads\/2021\/10\/Foto-1-2-768x432.jpg 768w, https:\/\/aciima.com.br\/circuito\/wp-content\/uploads\/2021\/10\/Foto-1-2-1536x864.jpg 1536w, https:\/\/aciima.com.br\/circuito\/wp-content\/uploads\/2021\/10\/Foto-1-2-2048x1152.jpg 2048w\" sizes=\"(max-width: 300px) 100vw, 300px\" \/><\/div>\n\t\t<\/a>\n\t\t\t\t<div class=\"elementor-post__text\">\n\t\t\t\t<h3 class=\"elementor-post__title\">\n\t\t\t<a href=\"https:\/\/aciima.com.br\/circuito\/suzano-ambev-ambipar-e-colgate-palmolive-se-unem-em-prol-da-sustentabilidade-para-projeto-de-coleta-e-reciclagem-de-residuos-pos-consumo\/\" >\n\t\t\t\tSuzano, Ambev, Ambipar e Colgate-Palmolive se unem em prol da sustentabilidade para projeto de coleta e reciclagem de res\u00edduos p\u00f3s-consumo\t\t\t<\/a>\n\t\t<\/h3>\n\t\t\t\t<div class=\"elementor-post__excerpt\">\n\t\t\t<p>Sistema automatizado drop \u2018n\u2019 go ser\u00e1 disponibilizado pelas empresas para descarte de materiais recicl\u00e1veis, que geram cr\u00e9ditos convertidos em descontos para transporte, luz, livraria e<\/p>\n\t\t<\/div>\n\t\t\t\t\t<a class=\"elementor-post__read-more\" href=\"https:\/\/aciima.com.br\/circuito\/suzano-ambev-ambipar-e-colgate-palmolive-se-unem-em-prol-da-sustentabilidade-para-projeto-de-coleta-e-reciclagem-de-residuos-pos-consumo\/\" >\n\t\t\t\tLeia mais \u00bb\t\t\t<\/a>\n\t\t\t\t<\/div>\n\t\t\t\t<div class=\"elementor-post__meta-data\">\n\t\t\t\t\t<span class=\"elementor-post-date\">\n\t\t\t25 de outubro de 2021\t\t<\/span>\n\t\t\t\t<\/div>\n\t\t\t\t\t<\/div>\n\t\t<\/article>\n\t\t\t\t<article class=\"elementor-post elementor-grid-item post-2265 post type-post status-publish format-standard has-post-thumbnail hentry category-noticias\">\n\t\t\t<div class=\"elementor-post__card\">\n\t\t\t\t<a class=\"elementor-post__thumbnail__link\" href=\"https:\/\/aciima.com.br\/circuito\/prorrogado-estandes-do-circuito-acii-de-negocios-estarao-abertos-para-visitacao-ate-esta-terca-feira\/\" >\n\t\t\t<div class=\"elementor-post__thumbnail\"><img width=\"300\" height=\"200\" src=\"https:\/\/aciima.com.br\/circuito\/wp-content\/uploads\/2021\/10\/visitacao-de-estandes-1-300x200.jpg\" class=\"attachment-medium size-medium\" alt=\"\" loading=\"lazy\" srcset=\"https:\/\/aciima.com.br\/circuito\/wp-content\/uploads\/2021\/10\/visitacao-de-estandes-1-300x200.jpg 300w, https:\/\/aciima.com.br\/circuito\/wp-content\/uploads\/2021\/10\/visitacao-de-estandes-1-1024x683.jpg 1024w, https:\/\/aciima.com.br\/circuito\/wp-content\/uploads\/2021\/10\/visitacao-de-estandes-1-768x512.jpg 768w, https:\/\/aciima.com.br\/circuito\/wp-content\/uploads\/2021\/10\/visitacao-de-estandes-1-1536x1024.jpg 1536w, https:\/\/aciima.com.br\/circuito\/wp-content\/uploads\/2021\/10\/visitacao-de-estandes-1-2048x1365.jpg 2048w\" sizes=\"(max-width: 300px) 100vw, 300px\" \/><\/div>\n\t\t<\/a>\n\t\t\t\t<div class=\"elementor-post__text\">\n\t\t\t\t<h3 class=\"elementor-post__title\">\n\t\t\t<a href=\"https:\/\/aciima.com.br\/circuito\/prorrogado-estandes-do-circuito-acii-de-negocios-estarao-abertos-para-visitacao-ate-esta-terca-feira\/\" >\n\t\t\t\tPRORROGADO: Estandes do Circuito ACII de Neg\u00f3cios estar\u00e3o abertos para visita\u00e7\u00e3o at\u00e9 esta ter\u00e7a-feira\t\t\t<\/a>\n\t\t<\/h3>\n\t\t\t\t<div class=\"elementor-post__excerpt\">\n\t\t\t<p>Empresas dos segmentos de beleza, sa\u00fade e est\u00e9tica estar\u00e3o mostrando seus produtos e servi\u00e7os de 10h \u00e0s 22h, at\u00e9 amanh\u00e3, 25, na pra\u00e7a de eventos<\/p>\n\t\t<\/div>\n\t\t\t\t\t<a class=\"elementor-post__read-more\" href=\"https:\/\/aciima.com.br\/circuito\/prorrogado-estandes-do-circuito-acii-de-negocios-estarao-abertos-para-visitacao-ate-esta-terca-feira\/\" >\n\t\t\t\tLeia mais \u00bb\t\t\t<\/a>\n\t\t\t\t<\/div>\n\t\t\t\t<div class=\"elementor-post__meta-data\">\n\t\t\t\t\t<span class=\"elementor-post-date\">\n\t\t\t25 de outubro de 2021\t\t<\/span>\n\t\t\t\t<\/div>\n\t\t\t\t\t<\/div>\n\t\t<\/article>\n\t\t\t\t<article class=\"elementor-post elementor-grid-item post-2262 post type-post status-publish format-standard has-post-thumbnail hentry category-noticias\">\n\t\t\t<div class=\"elementor-post__card\">\n\t\t\t\t<a class=\"elementor-post__thumbnail__link\" href=\"https:\/\/aciima.com.br\/circuito\/roberto-rocha-anuncia-recursos-para-a-travessia-urbana-de-imperatriz-e-construcao-de-passarela-em-frente-ao-imperial-shopping\/\" >\n\t\t\t<div class=\"elementor-post__thumbnail\"><img width=\"300\" height=\"200\" src=\"https:\/\/aciima.com.br\/circuito\/wp-content\/uploads\/2021\/10\/WhatsApp-Image-2021-10-23-at-09.51.04-300x200.jpeg\" class=\"attachment-medium size-medium\" alt=\"\" loading=\"lazy\" srcset=\"https:\/\/aciima.com.br\/circuito\/wp-content\/uploads\/2021\/10\/WhatsApp-Image-2021-10-23-at-09.51.04-300x200.jpeg 300w, https:\/\/aciima.com.br\/circuito\/wp-content\/uploads\/2021\/10\/WhatsApp-Image-2021-10-23-at-09.51.04-1024x682.jpeg 1024w, https:\/\/aciima.com.br\/circuito\/wp-content\/uploads\/2021\/10\/WhatsApp-Image-2021-10-23-at-09.51.04-768x512.jpeg 768w, https:\/\/aciima.com.br\/circuito\/wp-content\/uploads\/2021\/10\/WhatsApp-Image-2021-10-23-at-09.51.04.jpeg 1280w\" sizes=\"(max-width: 300px) 100vw, 300px\" \/><\/div>\n\t\t<\/a>\n\t\t\t\t<div class=\"elementor-post__text\">\n\t\t\t\t<h3 class=\"elementor-post__title\">\n\t\t\t<a href=\"https:\/\/aciima.com.br\/circuito\/roberto-rocha-anuncia-recursos-para-a-travessia-urbana-de-imperatriz-e-construcao-de-passarela-em-frente-ao-imperial-shopping\/\" >\n\t\t\t\tRoberto Rocha anuncia recursos para a Travessia Urbana de Imperatriz e constru\u00e7\u00e3o de passarela em frente ao Imperial Shopping\t\t\t<\/a>\n\t\t<\/h3>\n\t\t\t\t<div class=\"elementor-post__excerpt\">\n\t\t\t<p>O senador Roberto Rocha fez uma visita ontem, 22, no Circuito ACII de Neg\u00f3cios. Al\u00e9m de acompanhar de perto o evento promovido no Imperial Shopping,<\/p>\n\t\t<\/div>\n\t\t\t\t\t<a class=\"elementor-post__read-more\" href=\"https:\/\/aciima.com.br\/circuito\/roberto-rocha-anuncia-recursos-para-a-travessia-urbana-de-imperatriz-e-construcao-de-passarela-em-frente-ao-imperial-shopping\/\" >\n\t\t\t\tLeia mais \u00bb\t\t\t<\/a>\n\t\t\t\t<\/div>\n\t\t\t\t<div class=\"elementor-post__meta-data\">\n\t\t\t\t\t<span class=\"elementor-post-date\">\n\t\t\t23 de outubro de 2021\t\t<\/span>\n\t\t\t\t<\/div>\n\t\t\t\t\t<\/div>\n\t\t<\/article>\n\t\t\t\t<article class=\"elementor-post elementor-grid-item post-2259 post type-post status-publish format-standard has-post-thumbnail hentry category-noticias\">\n\t\t\t<div class=\"elementor-post__card\">\n\t\t\t\t<a class=\"elementor-post__thumbnail__link\" href=\"https:\/\/aciima.com.br\/circuito\/rodada-de-negocios-promove-encontro-de-empreendedores-de-imperatriz-e-regiao\/\" >\n\t\t\t<div class=\"elementor-post__thumbnail\"><img width=\"300\" height=\"200\" src=\"https:\/\/aciima.com.br\/circuito\/wp-content\/uploads\/2021\/10\/01-1-300x200.jpg\" class=\"attachment-medium size-medium\" alt=\"\" loading=\"lazy\" srcset=\"https:\/\/aciima.com.br\/circuito\/wp-content\/uploads\/2021\/10\/01-1-300x200.jpg 300w, https:\/\/aciima.com.br\/circuito\/wp-content\/uploads\/2021\/10\/01-1-1024x683.jpg 1024w, https:\/\/aciima.com.br\/circuito\/wp-content\/uploads\/2021\/10\/01-1-768x512.jpg 768w, https:\/\/aciima.com.br\/circuito\/wp-content\/uploads\/2021\/10\/01-1-1536x1024.jpg 1536w, https:\/\/aciima.com.br\/circuito\/wp-content\/uploads\/2021\/10\/01-1-2048x1365.jpg 2048w\" sizes=\"(max-width: 300px) 100vw, 300px\" \/><\/div>\n\t\t<\/a>\n\t\t\t\t<div class=\"elementor-post__text\">\n\t\t\t\t<h3 class=\"elementor-post__title\">\n\t\t\t<a href=\"https:\/\/aciima.com.br\/circuito\/rodada-de-negocios-promove-encontro-de-empreendedores-de-imperatriz-e-regiao\/\" >\n\t\t\t\tRodada de Neg\u00f3cios promove encontro de empreendedores de Imperatriz e regi\u00e3o\t\t\t<\/a>\n\t\t<\/h3>\n\t\t\t\t<div class=\"elementor-post__excerpt\">\n\t\t\t<p>A a\u00e7\u00e3o ocorreu nesta sexta-feira (22), como parte da programa\u00e7\u00e3o do Circuito ACII de Neg\u00f3cios Com o objetivo de promover oportunidades para empresas de Imperatriz<\/p>\n\t\t<\/div>\n\t\t\t\t\t<a class=\"elementor-post__read-more\" href=\"https:\/\/aciima.com.br\/circuito\/rodada-de-negocios-promove-encontro-de-empreendedores-de-imperatriz-e-regiao\/\" >\n\t\t\t\tLeia mais \u00bb\t\t\t<\/a>\n\t\t\t\t<\/div>\n\t\t\t\t<div class=\"elementor-post__meta-data\">\n\t\t\t\t\t<span class=\"elementor-post-date\">\n\t\t\t23 de outubro de 2021\t\t<\/span>\n\t\t\t\t<\/div>\n\t\t\t\t\t<\/div>\n\t\t<\/article>\n\t\t\t\t<article class=\"elementor-post elementor-grid-item post-2256 post type-post status-publish format-standard has-post-thumbnail hentry category-noticias\">\n\t\t\t<div class=\"elementor-post__card\">\n\t\t\t\t<a class=\"elementor-post__thumbnail__link\" href=\"https:\/\/aciima.com.br\/circuito\/festival-gastronomico-estende-votacao-ate-dia-30-de-outubro\/\" >\n\t\t\t<div class=\"elementor-post__thumbnail\"><img width=\"300\" height=\"200\" src=\"https:\/\/aciima.com.br\/circuito\/wp-content\/uploads\/2021\/10\/DSC_9257-scaled-1-300x200.jpg\" class=\"attachment-medium size-medium\" alt=\"\" loading=\"lazy\" srcset=\"https:\/\/aciima.com.br\/circuito\/wp-content\/uploads\/2021\/10\/DSC_9257-scaled-1-300x200.jpg 300w, https:\/\/aciima.com.br\/circuito\/wp-content\/uploads\/2021\/10\/DSC_9257-scaled-1-1024x684.jpg 1024w, https:\/\/aciima.com.br\/circuito\/wp-content\/uploads\/2021\/10\/DSC_9257-scaled-1-768x513.jpg 768w, https:\/\/aciima.com.br\/circuito\/wp-content\/uploads\/2021\/10\/DSC_9257-scaled-1-1536x1025.jpg 1536w, https:\/\/aciima.com.br\/circuito\/wp-content\/uploads\/2021\/10\/DSC_9257-scaled-1-2048x1367.jpg 2048w\" sizes=\"(max-width: 300px) 100vw, 300px\" \/><\/div>\n\t\t<\/a>\n\t\t\t\t<div class=\"elementor-post__text\">\n\t\t\t\t<h3 class=\"elementor-post__title\">\n\t\t\t<a href=\"https:\/\/aciima.com.br\/circuito\/festival-gastronomico-estende-votacao-ate-dia-30-de-outubro\/\" >\n\t\t\t\tFestival Gastron\u00f4mico estende vota\u00e7\u00e3o at\u00e9 dia 30 de outubro\t\t\t<\/a>\n\t\t<\/h3>\n\t\t\t\t<div class=\"elementor-post__excerpt\">\n\t\t\t<p>Competi\u00e7\u00e3o, que acontece no Circuito ACII de Neg\u00f3cios, premiar\u00e1 os melhores pratos de restaurantes e lanchonetes de Imperatriz e regi\u00e3o Restaurantes, bares e lanchonetes de<\/p>\n\t\t<\/div>\n\t\t\t\t\t<a class=\"elementor-post__read-more\" href=\"https:\/\/aciima.com.br\/circuito\/festival-gastronomico-estende-votacao-ate-dia-30-de-outubro\/\" >\n\t\t\t\tLeia mais \u00bb\t\t\t<\/a>\n\t\t\t\t<\/div>\n\t\t\t\t<div class=\"elementor-post__meta-data\">\n\t\t\t\t\t<span class=\"elementor-post-date\">\n\t\t\t22 de outubro de 2021\t\t<\/span>\n\t\t\t\t<\/div>\n\t\t\t\t\t<\/div>\n\t\t<\/article>\n\t\t\t\t<\/div>\n\n\n\t\t\t\t\t<span class=\"e-load-more-spinner\">\n\t\t\t\t<i aria-hidden=\"true\" class=\"fas fa-spinner\"><\/i>\t\t\t<\/span>\n\t\t\n\t\t\t\t<div class=\"e-load-more-anchor\" data-page=\"1\" data-max-page=\"8\"><\/div>\n\t\t\t\t<div class=\"e-load-more-message\">No more posts to show<\/div>\n\t\t\t\t<\/div>\n\t\t\t\t<\/div>\n\t\t\t\t\t\t<\/div>\n\t\t\t\t\t<\/div>\n\t\t<\/div>\n\t\t\t\t\t\t\t\t<\/div>\n\t\t\t\t\t<\/div>\n\t\t<\/section>\n\t\t\t\t\t\t<\/div>\n\t\t\t\t\t\t<\/div>\n\t\t\t\t\t<\/div>\n\t\t","protected":false},"excerpt":{"rendered":"<p>Not\u00edcias do Circuito<\/p>\n","protected":false},"author":2,"featured_media":0,"parent":0,"menu_order":0,"comment_status":"closed","ping_status":"closed","template":"","meta":[],"_links":{"self":[{"href":"https:\/\/aciima.com.br\/circuito\/wp-json\/wp\/v2\/pages\/508"}],"collection":[{"href":"https:\/\/aciima.com.br\/circuito\/wp-json\/wp\/v2\/pages"}],"about":[{"href":"https:\/\/aciima.com.br\/circuito\/wp-json\/wp\/v2\/types\/page"}],"author":[{"embeddable":true,"href":"https:\/\/aciima.com.br\/circuito\/wp-json\/wp\/v2\/users\/2"}],"replies":[{"embeddable":true,"href":"https:\/\/aciima.com.br\/circuito\/wp-json\/wp\/v2\/comments?post=508"}],"version-history":[{"count":22,"href":"https:\/\/aciima.com.br\/circuito\/wp-json\/wp\/v2\/pages\/508\/revisions"}],"predecessor-version":[{"id":1901,"href":"https:\/\/aciima.com.br\/circuito\/wp-json\/wp\/v2\/pages\/508\/revisions\/1901"}],"wp:attachment":[{"href":"https:\/\/aciima.com.br\/circuito\/wp-json\/wp\/v2\/media?parent=508"}],"curies":[{"name":"wp","href":"https:\/\/api.w.org\/{rel}","templated":true}]}}